{"id":1689,"date":"2025-09-02T16:22:15","date_gmt":"2025-09-02T13:22:15","guid":{"rendered":"https:\/\/veganmess.ee\/?page_id=1689"},"modified":"2025-09-02T17:26:46","modified_gmt":"2025-09-02T14:26:46","slug":"artiklid","status":"publish","type":"page","link":"https:\/\/veganmess.ee\/et\/artiklid\/","title":{"rendered":"Artiklid"},"content":{"rendered":"\n<div style=\"height:25px\" aria-hidden=\"true\" class=\"wp-block-spacer\"><\/div>\n\n\n\n<div class=\"wp-block-query is-layout-flow wp-block-query-is-layout-flow\"><ul class=\"wp-block-post-template is-layout-flow wp-block-post-template-is-layout-flow\"><li class=\"wp-block-post post-4166 post type-post status-publish format-standard has-post-thumbnail hentry category-artiklid\">\n<figure style=\"padding-right:var(--wp--preset--spacing--50);padding-left:var(--wp--preset--spacing--50);\" class=\"wp-block-post-featured-image\"><img fetchpriority=\"high\" decoding=\"async\" width=\"2560\" height=\"1707\" src=\"https:\/\/veganmess.ee\/wp-content\/uploads\/2026\/01\/20251019-DSC07705-scaled.jpg\" class=\"attachment-full size-full wp-post-image\" alt=\"Tallinn Vegan Fair 2026 Team\" style=\"object-fit:cover;\" srcset=\"https:\/\/veganmess.ee\/wp-content\/uploads\/2026\/01\/20251019-DSC07705-scaled.jpg 2560w, https:\/\/veganmess.ee\/wp-content\/uploads\/2026\/01\/20251019-DSC07705-300x200.jpg 300w, https:\/\/veganmess.ee\/wp-content\/uploads\/2026\/01\/20251019-DSC07705-1024x683.jpg 1024w, https:\/\/veganmess.ee\/wp-content\/uploads\/2026\/01\/20251019-DSC07705-768x512.jpg 768w, https:\/\/veganmess.ee\/wp-content\/uploads\/2026\/01\/20251019-DSC07705-1536x1024.jpg 1536w, https:\/\/veganmess.ee\/wp-content\/uploads\/2026\/01\/20251019-DSC07705-2048x1365.jpg 2048w, https:\/\/veganmess.ee\/wp-content\/uploads\/2026\/01\/20251019-DSC07705-18x12.jpg 18w\" sizes=\"(max-width: 2560px) 100vw, 2560px\" \/><\/figure>\n\n<div class=\"wp-block-post-date\"><time datetime=\"2025-10-21T14:43:00+03:00\">21. okt. 2025<\/time><\/div>\n\n<h2 class=\"wp-block-post-title\">Veganmess pidas Kultuurikatlas 15. s\u00fcnnip\u00e4eva<\/h2>\n\n<div class=\"has-text-align-left wp-block-post-excerpt\"><p class=\"wp-block-post-excerpt__excerpt\">Eelmisel n\u00e4dalavahetusel pidas Veganmess Kultuurikatlas 15. s\u00fcnnip\u00e4eva, mida tuli l\u00e4hemalt ja kaugemalt kokku t\u00e4histama \u00fcle 3,000 k\u00fclastaja. Messil pakkus vegans\u00f5bralikke&hellip;<\/p><p class=\"wp-block-post-excerpt__more-text\"><a class=\"wp-block-post-excerpt__more-link\" href=\"https:\/\/veganmess.ee\/et\/veganmess-pidas-kultuurikatlas-15-sunnipaeva\/\">Loe edasi<\/a><\/p><\/div>\n\n\n<div style=\"height:25px\" aria-hidden=\"true\" class=\"wp-block-spacer\"><\/div>\n\n<\/li><li class=\"wp-block-post post-1734 post type-post status-publish format-standard has-post-thumbnail hentry category-artiklid\">\n<figure style=\"padding-right:var(--wp--preset--spacing--50);padding-left:var(--wp--preset--spacing--50);\" class=\"wp-block-post-featured-image\"><img decoding=\"async\" width=\"2560\" height=\"1707\" src=\"https:\/\/veganmess.ee\/wp-content\/uploads\/2025\/09\/20241013-_DSC5342-scaled.jpg\" class=\"attachment-full size-full wp-post-image\" alt=\"\" style=\"object-fit:cover;\" srcset=\"https:\/\/veganmess.ee\/wp-content\/uploads\/2025\/09\/20241013-_DSC5342-scaled.jpg 2560w, https:\/\/veganmess.ee\/wp-content\/uploads\/2025\/09\/20241013-_DSC5342-300x200.jpg 300w, https:\/\/veganmess.ee\/wp-content\/uploads\/2025\/09\/20241013-_DSC5342-1024x683.jpg 1024w, https:\/\/veganmess.ee\/wp-content\/uploads\/2025\/09\/20241013-_DSC5342-768x512.jpg 768w, https:\/\/veganmess.ee\/wp-content\/uploads\/2025\/09\/20241013-_DSC5342-1536x1024.jpg 1536w, https:\/\/veganmess.ee\/wp-content\/uploads\/2025\/09\/20241013-_DSC5342-2048x1365.jpg 2048w, https:\/\/veganmess.ee\/wp-content\/uploads\/2025\/09\/20241013-_DSC5342-18x12.jpg 18w\" sizes=\"(max-width: 2560px) 100vw, 2560px\" \/><\/figure>\n\n<div class=\"wp-block-post-date\"><time datetime=\"2025-09-08T12:23:27+03:00\">8. sept. 2025<\/time><\/div>\n\n<h2 class=\"wp-block-post-title\">Oktoobris toimub Kultuurikatlas juubelih\u00f5nguline 15. Veganmess<\/h2>\n\n<div class=\"has-text-align-left wp-block-post-excerpt\"><p class=\"wp-block-post-excerpt__excerpt\">18. ja 19. oktoobril toimub Tallinna Kultuurikatlas j\u00e4rjekorras juba 15. Veganmess, kus saab tutvuda mitmek\u00fclgse valiku taimsete toodete ning vegan&hellip;<\/p><p class=\"wp-block-post-excerpt__more-text\"><a class=\"wp-block-post-excerpt__more-link\" href=\"https:\/\/veganmess.ee\/et\/oktoobris-toimub-kultuurikatlas-juubelihonguline-15-veganmess\/\">Loe edasi<\/a><\/p><\/div>\n\n\n<div style=\"height:25px\" aria-hidden=\"true\" class=\"wp-block-spacer\"><\/div>\n\n<\/li><li class=\"wp-block-post post-1425 post type-post status-publish format-standard has-post-thumbnail hentry category-artiklid\">\n<figure style=\"padding-right:var(--wp--preset--spacing--50);padding-left:var(--wp--preset--spacing--50);\" class=\"wp-block-post-featured-image\"><img decoding=\"async\" width=\"1472\" height=\"981\" src=\"https:\/\/veganmess.ee\/wp-content\/uploads\/2024\/09\/veganmess0710200.jpg\" class=\"attachment-full size-full wp-post-image\" alt=\"Veganmess\" style=\"object-fit:cover;\" srcset=\"https:\/\/veganmess.ee\/wp-content\/uploads\/2024\/09\/veganmess0710200.jpg 1472w, https:\/\/veganmess.ee\/wp-content\/uploads\/2024\/09\/veganmess0710200-300x200.jpg 300w, https:\/\/veganmess.ee\/wp-content\/uploads\/2024\/09\/veganmess0710200-1024x682.jpg 1024w, https:\/\/veganmess.ee\/wp-content\/uploads\/2024\/09\/veganmess0710200-768x512.jpg 768w, https:\/\/veganmess.ee\/wp-content\/uploads\/2024\/09\/veganmess0710200-263x175.jpg 263w\" sizes=\"(max-width: 1472px) 100vw, 1472px\" \/><\/figure>\n\n<div class=\"wp-block-post-date\"><time datetime=\"2024-10-07T10:57:27+03:00\">7. okt. 2024<\/time><\/div>\n\n<h2 class=\"wp-block-post-title\">Sel n\u00e4dalavahetusel Kultuurikatlas toimuv suur Veganmess kutsub \u00fcles unistama<\/h2>\n\n<div class=\"has-text-align-left wp-block-post-excerpt\"><p class=\"wp-block-post-excerpt__excerpt\">Sel laup\u00e4eval ja p\u00fchap\u00e4eval ehk 12. ja 13. oktoobril peetakse Tallinna Kultuurikatlas j\u00e4rjekorras juba 14. Veganmessi, kus esitletakse taimseid tooteid&hellip;<\/p><p class=\"wp-block-post-excerpt__more-text\"><a class=\"wp-block-post-excerpt__more-link\" href=\"https:\/\/veganmess.ee\/et\/sel-nadalavahetusel-kultuurikatlas-toimuv-suur-veganmess-kutsub-ules-unistama\/\">Loe edasi<\/a><\/p><\/div>\n\n\n<div style=\"height:25px\" aria-hidden=\"true\" class=\"wp-block-spacer\"><\/div>\n\n<\/li><li class=\"wp-block-post post-1262 post type-post status-publish format-standard has-post-thumbnail hentry category-artiklid\">\n<figure style=\"padding-right:var(--wp--preset--spacing--50);padding-left:var(--wp--preset--spacing--50);\" class=\"wp-block-post-featured-image\"><img loading=\"lazy\" decoding=\"async\" width=\"1472\" height=\"981\" src=\"https:\/\/veganmess.ee\/wp-content\/uploads\/2024\/09\/veganmess0710106.jpg\" class=\"attachment-full size-full wp-post-image\" alt=\"veganmess kultuurikatel taimetoidumess\" style=\"object-fit:cover;\" srcset=\"https:\/\/veganmess.ee\/wp-content\/uploads\/2024\/09\/veganmess0710106.jpg 1472w, https:\/\/veganmess.ee\/wp-content\/uploads\/2024\/09\/veganmess0710106-300x200.jpg 300w, https:\/\/veganmess.ee\/wp-content\/uploads\/2024\/09\/veganmess0710106-1024x682.jpg 1024w, https:\/\/veganmess.ee\/wp-content\/uploads\/2024\/09\/veganmess0710106-768x512.jpg 768w, https:\/\/veganmess.ee\/wp-content\/uploads\/2024\/09\/veganmess0710106-263x175.jpg 263w\" sizes=\"(max-width: 1472px) 100vw, 1472px\" \/><\/figure>\n\n<div class=\"wp-block-post-date\"><time datetime=\"2024-09-04T08:59:37+03:00\">4. sept. 2024<\/time><\/div>\n\n<h2 class=\"wp-block-post-title\">Tallinnas peetakse oktoobris 14. Veganmessi<\/h2>\n\n<div class=\"has-text-align-left wp-block-post-excerpt\"><p class=\"wp-block-post-excerpt__excerpt\">12. ja 13. oktoobril toimub Tallinna Kultuurikatlas j\u00e4rjekorras juba 14. Veganmess, kus esitletakse sadu taimseid tooteid ning tutvustatakse vegan elustiili.&hellip;<\/p><p class=\"wp-block-post-excerpt__more-text\"><a class=\"wp-block-post-excerpt__more-link\" href=\"https:\/\/veganmess.ee\/et\/tallinnas-peetakse-oktoobris-14-veganmessi\/\">Loe edasi<\/a><\/p><\/div>\n\n\n<div style=\"height:25px\" aria-hidden=\"true\" class=\"wp-block-spacer\"><\/div>\n\n<\/li><li class=\"wp-block-post post-1194 post type-post status-publish format-standard has-post-thumbnail hentry category-artiklid\">\n<figure style=\"padding-right:var(--wp--preset--spacing--50);padding-left:var(--wp--preset--spacing--50);\" class=\"wp-block-post-featured-image\"><img loading=\"lazy\" decoding=\"async\" width=\"2560\" height=\"1706\" src=\"https:\/\/veganmess.ee\/wp-content\/uploads\/2022\/10\/AERR9270-scaled.jpg\" class=\"attachment-full size-full wp-post-image\" alt=\"\" style=\"object-fit:cover;\" srcset=\"https:\/\/veganmess.ee\/wp-content\/uploads\/2022\/10\/AERR9270-scaled.jpg 2560w, https:\/\/veganmess.ee\/wp-content\/uploads\/2022\/10\/AERR9270-300x200.jpg 300w, https:\/\/veganmess.ee\/wp-content\/uploads\/2022\/10\/AERR9270-1024x683.jpg 1024w, https:\/\/veganmess.ee\/wp-content\/uploads\/2022\/10\/AERR9270-768x512.jpg 768w, https:\/\/veganmess.ee\/wp-content\/uploads\/2022\/10\/AERR9270-1536x1024.jpg 1536w, https:\/\/veganmess.ee\/wp-content\/uploads\/2022\/10\/AERR9270-2048x1365.jpg 2048w, https:\/\/veganmess.ee\/wp-content\/uploads\/2022\/10\/AERR9270-263x175.jpg 263w\" sizes=\"(max-width: 2560px) 100vw, 2560px\" \/><\/figure>\n\n<div class=\"wp-block-post-date\"><time datetime=\"2023-10-03T22:54:02+03:00\">3. okt. 2023<\/time><\/div>\n\n<h2 class=\"wp-block-post-title\">Sel n\u00e4dalavahetusel toimub Kultuurikatlas 13. Baltimaade vanim veganmess!<\/h2>\n\n<div class=\"has-text-align-left wp-block-post-excerpt\"><p class=\"wp-block-post-excerpt__excerpt\">Sel laup\u00e4eval ja p\u00fchap\u00e4eval, 7. ja 8. oktoobril kell 11.00-18.00 leiab Tallinna Kultuurikatlas aset j\u00e4rjekorras juba 13. veganmess, kus tutvustatakse&hellip;<\/p><p class=\"wp-block-post-excerpt__more-text\"><a class=\"wp-block-post-excerpt__more-link\" href=\"https:\/\/veganmess.ee\/et\/sel-nadalavahetusel-toimub-kultuurikatlas-13-baltimaade-vanim-veganmess\/\">Loe edasi<\/a><\/p><\/div>\n\n\n<div style=\"height:25px\" aria-hidden=\"true\" class=\"wp-block-spacer\"><\/div>\n\n<\/li><li class=\"wp-block-post post-887 post type-post status-publish format-standard has-post-thumbnail hentry category-artiklid\">\n<figure style=\"padding-right:var(--wp--preset--spacing--50);padding-left:var(--wp--preset--spacing--50);\" class=\"wp-block-post-featured-image\"><img loading=\"lazy\" decoding=\"async\" width=\"2560\" height=\"1707\" src=\"https:\/\/veganmess.ee\/wp-content\/uploads\/2022\/10\/AERR0197-scaled.jpg\" class=\"attachment-full size-full wp-post-image\" alt=\"\" style=\"object-fit:cover;\" srcset=\"https:\/\/veganmess.ee\/wp-content\/uploads\/2022\/10\/AERR0197-scaled.jpg 2560w, https:\/\/veganmess.ee\/wp-content\/uploads\/2022\/10\/AERR0197-300x200.jpg 300w, https:\/\/veganmess.ee\/wp-content\/uploads\/2022\/10\/AERR0197-1024x683.jpg 1024w, https:\/\/veganmess.ee\/wp-content\/uploads\/2022\/10\/AERR0197-768x512.jpg 768w, https:\/\/veganmess.ee\/wp-content\/uploads\/2022\/10\/AERR0197-1536x1024.jpg 1536w, https:\/\/veganmess.ee\/wp-content\/uploads\/2022\/10\/AERR0197-2048x1365.jpg 2048w, https:\/\/veganmess.ee\/wp-content\/uploads\/2022\/10\/AERR0197-263x175.jpg 263w\" sizes=\"(max-width: 2560px) 100vw, 2560px\" \/><\/figure>\n\n<div class=\"wp-block-post-date\"><time datetime=\"2022-10-24T13:37:13+03:00\">24. okt. 2022<\/time><\/div>\n\n<h2 class=\"wp-block-post-title\">Laup\u00e4evast Veganmessi k\u00fclastas 2700 inimest<\/h2>\n\n<div class=\"has-text-align-left wp-block-post-excerpt\"><p class=\"wp-block-post-excerpt__excerpt\">Laup\u00e4eval, 22. oktoobril 2022 toimus Noblessneri valukojas j\u00e4rjekorras juba 12. veganmess, kus osales ligi 70 kauplejat ja organisatsiooni ning mida&hellip;<\/p><p class=\"wp-block-post-excerpt__more-text\"><a class=\"wp-block-post-excerpt__more-link\" href=\"https:\/\/veganmess.ee\/et\/laupaevast-veganmessi-kulastas-2700-inimest\/\">Loe edasi<\/a><\/p><\/div>\n\n\n<div style=\"height:25px\" aria-hidden=\"true\" class=\"wp-block-spacer\"><\/div>\n\n<\/li><li class=\"wp-block-post post-849 post type-post status-publish format-standard has-post-thumbnail hentry category-artiklid\">\n<figure style=\"padding-right:var(--wp--preset--spacing--50);padding-left:var(--wp--preset--spacing--50);\" class=\"wp-block-post-featured-image\"><img loading=\"lazy\" decoding=\"async\" width=\"2560\" height=\"1707\" src=\"https:\/\/veganmess.ee\/wp-content\/uploads\/2022\/10\/0Q5B0283-scaled.jpg\" class=\"attachment-full size-full wp-post-image\" alt=\"\" style=\"object-fit:cover;\" srcset=\"https:\/\/veganmess.ee\/wp-content\/uploads\/2022\/10\/0Q5B0283-scaled.jpg 2560w, https:\/\/veganmess.ee\/wp-content\/uploads\/2022\/10\/0Q5B0283-300x200.jpg 300w, https:\/\/veganmess.ee\/wp-content\/uploads\/2022\/10\/0Q5B0283-1024x683.jpg 1024w, https:\/\/veganmess.ee\/wp-content\/uploads\/2022\/10\/0Q5B0283-768x512.jpg 768w, https:\/\/veganmess.ee\/wp-content\/uploads\/2022\/10\/0Q5B0283-1536x1024.jpg 1536w, https:\/\/veganmess.ee\/wp-content\/uploads\/2022\/10\/0Q5B0283-2048x1365.jpg 2048w, https:\/\/veganmess.ee\/wp-content\/uploads\/2022\/10\/0Q5B0283-263x175.jpg 263w\" sizes=\"(max-width: 2560px) 100vw, 2560px\" \/><\/figure>\n\n<div class=\"wp-block-post-date\"><time datetime=\"2022-10-17T08:37:30+03:00\">17. okt. 2022<\/time><\/div>\n\n<h2 class=\"wp-block-post-title\">Laup\u00e4eval on Noblessneri valukojas Eesti suurim ja Baltimaade vanim veganmess<\/h2>\n\n<div class=\"has-text-align-left wp-block-post-excerpt\"><p class=\"wp-block-post-excerpt__excerpt\">Sel laup\u00e4eval, 22. oktoobril kell 11.00-18.00 toimub Noblessneri valukojas j\u00e4rjekorras juba 12. veganmess, kus tutvustatakse taimseid toite ja tooteid ning&hellip;<\/p><p class=\"wp-block-post-excerpt__more-text\"><a class=\"wp-block-post-excerpt__more-link\" href=\"https:\/\/veganmess.ee\/et\/laupaeval-on-noblessneri-valukojas-eesti-suurim-ja-baltimaade-vanim-veganmess\/\">Loe edasi<\/a><\/p><\/div>\n\n\n<div style=\"height:25px\" aria-hidden=\"true\" class=\"wp-block-spacer\"><\/div>\n\n<\/li><li class=\"wp-block-post post-790 post type-post status-publish format-standard has-post-thumbnail hentry category-artiklid\">\n<figure style=\"padding-right:var(--wp--preset--spacing--50);padding-left:var(--wp--preset--spacing--50);\" class=\"wp-block-post-featured-image\"><img loading=\"lazy\" decoding=\"async\" width=\"2560\" height=\"1706\" src=\"https:\/\/veganmess.ee\/wp-content\/uploads\/2022\/09\/ERR41247-2-scaled.jpg\" class=\"attachment-full size-full wp-post-image\" alt=\"\" style=\"object-fit:cover;\" srcset=\"https:\/\/veganmess.ee\/wp-content\/uploads\/2022\/09\/ERR41247-2-scaled.jpg 2560w, https:\/\/veganmess.ee\/wp-content\/uploads\/2022\/09\/ERR41247-2-300x200.jpg 300w, https:\/\/veganmess.ee\/wp-content\/uploads\/2022\/09\/ERR41247-2-1024x683.jpg 1024w, https:\/\/veganmess.ee\/wp-content\/uploads\/2022\/09\/ERR41247-2-768x512.jpg 768w, https:\/\/veganmess.ee\/wp-content\/uploads\/2022\/09\/ERR41247-2-1536x1024.jpg 1536w, https:\/\/veganmess.ee\/wp-content\/uploads\/2022\/09\/ERR41247-2-2048x1365.jpg 2048w, https:\/\/veganmess.ee\/wp-content\/uploads\/2022\/09\/ERR41247-2-263x175.jpg 263w\" sizes=\"(max-width: 2560px) 100vw, 2560px\" \/><\/figure>\n\n<div class=\"wp-block-post-date\"><time datetime=\"2022-09-27T21:44:35+03:00\">27. sept. 2022<\/time><\/div>\n\n<h2 class=\"wp-block-post-title\">Oktoobris peetakse Noblessneris 12. veganmessi<\/h2>\n\n<div class=\"has-text-align-left wp-block-post-excerpt\"><p class=\"wp-block-post-excerpt__excerpt\">22. oktoobril kell 11.00-18.00 toimub Noblessneri valukojas j\u00e4rjekorras juba 12.&nbsp;veganmess, kus tutvustatakse taimseid toite ja tooteid ning vegan elustiili.&nbsp; Veganmess,&hellip;<\/p><p class=\"wp-block-post-excerpt__more-text\"><a class=\"wp-block-post-excerpt__more-link\" href=\"https:\/\/veganmess.ee\/et\/oktoobris-peetakse-noblessneris-12-veganmessi\/\">Loe edasi<\/a><\/p><\/div>\n\n\n<div style=\"height:25px\" aria-hidden=\"true\" class=\"wp-block-spacer\"><\/div>\n\n<\/li><li class=\"wp-block-post post-637 post type-post status-publish format-standard hentry category-artiklid\">\n\n\n<div class=\"wp-block-post-date\"><time datetime=\"2020-10-28T18:43:54+02:00\">28. okt. 2020<\/time><\/div>\n\n<h2 class=\"wp-block-post-title\">Taimetoidumessi meelespea<\/h2>\n\n<div class=\"has-text-align-left wp-block-post-excerpt\"><p class=\"wp-block-post-excerpt__excerpt\">Oleme Taimetoidumessi meeskonnaga hoolikalt l\u00e4bi m\u00f5elnud sammud, mis aitavad meil viiruste hooajal k\u00fclastajaid, vabatahtlikke, eksponente ja korraldajaid t\u00f5husalt kaitsta.&nbsp; Oleme&hellip;<\/p><p class=\"wp-block-post-excerpt__more-text\"><a class=\"wp-block-post-excerpt__more-link\" href=\"https:\/\/veganmess.ee\/et\/taimetoidumessi-meelespea\/\">Loe edasi<\/a><\/p><\/div>\n\n\n<div style=\"height:25px\" aria-hidden=\"true\" class=\"wp-block-spacer\"><\/div>\n\n<\/li><li class=\"wp-block-post post-633 post type-post status-publish format-standard has-post-thumbnail hentry category-artiklid\">\n<figure style=\"padding-right:var(--wp--preset--spacing--50);padding-left:var(--wp--preset--spacing--50);\" class=\"wp-block-post-featured-image\"><img loading=\"lazy\" decoding=\"async\" width=\"2560\" height=\"1707\" src=\"https:\/\/veganmess.ee\/wp-content\/uploads\/2020\/10\/0Q5B1460-scaled.jpg\" class=\"attachment-full size-full wp-post-image\" alt=\"\" style=\"object-fit:cover;\" srcset=\"https:\/\/veganmess.ee\/wp-content\/uploads\/2020\/10\/0Q5B1460-scaled.jpg 2560w, https:\/\/veganmess.ee\/wp-content\/uploads\/2020\/10\/0Q5B1460-300x200.jpg 300w, https:\/\/veganmess.ee\/wp-content\/uploads\/2020\/10\/0Q5B1460-1024x683.jpg 1024w, https:\/\/veganmess.ee\/wp-content\/uploads\/2020\/10\/0Q5B1460-768x512.jpg 768w, https:\/\/veganmess.ee\/wp-content\/uploads\/2020\/10\/0Q5B1460-1536x1024.jpg 1536w, https:\/\/veganmess.ee\/wp-content\/uploads\/2020\/10\/0Q5B1460-2048x1365.jpg 2048w, https:\/\/veganmess.ee\/wp-content\/uploads\/2020\/10\/0Q5B1460-263x175.jpg 263w\" sizes=\"(max-width: 2560px) 100vw, 2560px\" \/><\/figure>\n\n<div class=\"wp-block-post-date\"><time datetime=\"2020-10-27T11:07:49+02:00\">27. okt. 2020<\/time><\/div>\n\n<h2 class=\"wp-block-post-title\">Baltimaade vanim Taimetoidumess tuleb taas<\/h2>\n\n<div class=\"has-text-align-left wp-block-post-excerpt\"><p class=\"wp-block-post-excerpt__excerpt\">7. ja 8. novembril kell 10 &#8211; 18 toimub Kultuurikatlas k\u00fcmnes Baltimaade vanim Taimetoidumess. Sel aastal t\u00e4histatakse messiga Eesti ilusat&hellip;<\/p><p class=\"wp-block-post-excerpt__more-text\"><a class=\"wp-block-post-excerpt__more-link\" href=\"https:\/\/veganmess.ee\/et\/baltimaade-vanim-taimetoidumess-tuleb-taas\/\">Loe edasi<\/a><\/p><\/div>\n\n\n<div style=\"height:25px\" aria-hidden=\"true\" class=\"wp-block-spacer\"><\/div>\n\n<\/li><\/ul>\n\n<nav class=\"wp-block-query-pagination is-layout-flex wp-block-query-pagination-is-layout-flex\" aria-label=\"K\u00fcljendus\">\n\n\n<div class=\"wp-block-query-pagination-numbers\"><span aria-current=\"page\" class=\"page-numbers current\">1<\/span>\n<a class=\"page-numbers\" href=\"?query-60-page=2\">2<\/a><\/div>\n\n<a href=\"\/et\/wp-json\/wp\/v2\/pages\/1689?query-60-page=2\" class=\"wp-block-query-pagination-next\">J\u00e4rgmine leht<\/a>\n<\/nav>\n\n<\/div>\n","protected":false},"excerpt":{"rendered":"","protected":false},"author":1,"featured_media":0,"parent":0,"menu_order":0,"comment_status":"closed","ping_status":"closed","template":"page-no-title","meta":{"content-type":"","footnotes":""},"class_list":["post-1689","page","type-page","status-publish","hentry"],"_links":{"self":[{"href":"https:\/\/veganmess.ee\/et\/wp-json\/wp\/v2\/pages\/1689","targetHints":{"allow":["GET"]}}],"collection":[{"href":"https:\/\/veganmess.ee\/et\/wp-json\/wp\/v2\/pages"}],"about":[{"href":"https:\/\/veganmess.ee\/et\/wp-json\/wp\/v2\/types\/page"}],"author":[{"embeddable":true,"href":"https:\/\/veganmess.ee\/et\/wp-json\/wp\/v2\/users\/1"}],"replies":[{"embeddable":true,"href":"https:\/\/veganmess.ee\/et\/wp-json\/wp\/v2\/comments?post=1689"}],"version-history":[{"count":15,"href":"https:\/\/veganmess.ee\/et\/wp-json\/wp\/v2\/pages\/1689\/revisions"}],"predecessor-version":[{"id":1729,"href":"https:\/\/veganmess.ee\/et\/wp-json\/wp\/v2\/pages\/1689\/revisions\/1729"}],"wp:attachment":[{"href":"https:\/\/veganmess.ee\/et\/wp-json\/wp\/v2\/media?parent=1689"}],"curies":[{"name":"wp","href":"https:\/\/api.w.org\/{rel}","templated":true}]}}