{"id":2588,"date":"2025-09-23T12:01:52","date_gmt":"2025-09-23T09:01:52","guid":{"rendered":"https:\/\/www.veganmess.ee\/?page_id=2588"},"modified":"2025-09-23T12:14:44","modified_gmt":"2025-09-23T09:14:44","slug":"uudised","status":"publish","type":"page","link":"https:\/\/veganmess.ee\/et\/uudised\/","title":{"rendered":"Uudised"},"content":{"rendered":"\t\t<div data-elementor-type=\"wp-page\" data-elementor-id=\"2588\" class=\"elementor elementor-2588\" data-elementor-post-type=\"page\">\n\t\t\t\t<div class=\"elementor-element elementor-element-bdd4c65 e-flex e-con-boxed e-con e-parent\" data-id=\"bdd4c65\" data-element_type=\"container\" data-e-type=\"container\">\n\t\t\t\t\t<div class=\"e-con-inner\">\n\t\t\t\t<div class=\"elementor-element elementor-element-c86e510 elementor-grid-3 elementor-grid-tablet-2 elementor-grid-mobile-1 elementor-posts--thumbnail-top elementor-card-shadow-yes elementor-posts__hover-gradient elementor-widget elementor-widget-posts\" data-id=\"c86e510\" data-element_type=\"widget\" data-e-type=\"widget\" data-settings=\"{&quot;pagination_type&quot;:&quot;numbers&quot;,&quot;cards_columns&quot;:&quot;3&quot;,&quot;cards_columns_tablet&quot;:&quot;2&quot;,&quot;cards_columns_mobile&quot;:&quot;1&quot;,&quot;cards_row_gap&quot;:{&quot;unit&quot;:&quot;px&quot;,&quot;size&quot;:35,&quot;sizes&quot;:[]},&quot;cards_row_gap_tablet&quot;:{&quot;unit&quot;:&quot;px&quot;,&quot;size&quot;:&quot;&quot;,&quot;sizes&quot;:[]},&quot;cards_row_gap_mobile&quot;:{&quot;unit&quot;:&quot;px&quot;,&quot;size&quot;:&quot;&quot;,&quot;sizes&quot;:[]}}\" data-widget_type=\"posts.cards\">\n\t\t\t\t<div class=\"elementor-widget-container\">\n\t\t\t\t\t\t\t<div class=\"elementor-posts-container elementor-posts elementor-posts--skin-cards elementor-grid\" role=\"list\">\n\t\t\t\t<article class=\"elementor-post elementor-grid-item post-4166 post type-post status-publish format-standard has-post-thumbnail hentry category-artiklid\" role=\"listitem\">\n\t\t\t<div class=\"elementor-post__card\">\n\t\t\t\t<a class=\"elementor-post__thumbnail__link\" href=\"https:\/\/veganmess.ee\/et\/veganmess-pidas-kultuurikatlas-15-sunnipaeva\/\" tabindex=\"-1\" ><div class=\"elementor-post__thumbnail\"><img fetchpriority=\"high\" decoding=\"async\" width=\"300\" height=\"200\" src=\"https:\/\/veganmess.ee\/wp-content\/uploads\/2026\/01\/20251019-DSC07705-300x200.jpg\" class=\"attachment-medium size-medium wp-image-4169\" alt=\"Tallinn Vegan Fair 2026 Team\" srcset=\"https:\/\/veganmess.ee\/wp-content\/uploads\/2026\/01\/20251019-DSC07705-300x200.jpg 300w, https:\/\/veganmess.ee\/wp-content\/uploads\/2026\/01\/20251019-DSC07705-1024x683.jpg 1024w, https:\/\/veganmess.ee\/wp-content\/uploads\/2026\/01\/20251019-DSC07705-768x512.jpg 768w, https:\/\/veganmess.ee\/wp-content\/uploads\/2026\/01\/20251019-DSC07705-1536x1024.jpg 1536w, https:\/\/veganmess.ee\/wp-content\/uploads\/2026\/01\/20251019-DSC07705-2048x1365.jpg 2048w, https:\/\/veganmess.ee\/wp-content\/uploads\/2026\/01\/20251019-DSC07705-18x12.jpg 18w\" sizes=\"(max-width: 300px) 100vw, 300px\" \/><\/div><\/a>\n\t\t\t\t<div class=\"elementor-post__text\">\n\t\t\t\t<h3 class=\"elementor-post__title\">\n\t\t\t<a href=\"https:\/\/veganmess.ee\/et\/veganmess-pidas-kultuurikatlas-15-sunnipaeva\/\" >\n\t\t\t\tVeganmess pidas Kultuurikatlas 15. s\u00fcnnip\u00e4eva\t\t\t<\/a>\n\t\t<\/h3>\n\t\t\t\t<div class=\"elementor-post__excerpt\">\n\t\t\t<p>Eelmisel n\u00e4dalavahetusel pidas Veganmess Kultuurikatlas 15. s\u00fcnnip\u00e4eva, mida tuli l\u00e4hemalt ja kaugemalt kokku t\u00e4histama \u00fcle 3,000 k\u00fclastaja. Messil pakkus vegans\u00f5bralikke tooteid ja teenuseid \u00fcle 60<\/p>\n\t\t<\/div>\n\t\t\n\t\t<a class=\"elementor-post__read-more\" href=\"https:\/\/veganmess.ee\/et\/veganmess-pidas-kultuurikatlas-15-sunnipaeva\/\" aria-label=\"Read more about Veganmess pidas Kultuurikatlas 15. s\u00fcnnip\u00e4eva\" tabindex=\"-1\" >\n\t\t\tLoe edasi \u00bb\t\t<\/a>\n\n\t\t\t\t<\/div>\n\t\t\t\t<div class=\"elementor-post__meta-data\">\n\t\t\t\t\t<span class=\"elementor-post-date\">\n\t\t\t21. okt. 2025\t\t<\/span>\n\t\t\t\t<\/div>\n\t\t\t\t\t<\/div>\n\t\t<\/article>\n\t\t\t\t<article class=\"elementor-post elementor-grid-item post-1734 post type-post status-publish format-standard has-post-thumbnail hentry category-artiklid\" role=\"listitem\">\n\t\t\t<div class=\"elementor-post__card\">\n\t\t\t\t<a class=\"elementor-post__thumbnail__link\" href=\"https:\/\/veganmess.ee\/et\/oktoobris-toimub-kultuurikatlas-juubelihonguline-15-veganmess\/\" tabindex=\"-1\" ><div class=\"elementor-post__thumbnail\"><img decoding=\"async\" width=\"300\" height=\"200\" src=\"https:\/\/veganmess.ee\/wp-content\/uploads\/2025\/09\/20241013-_DSC5342-300x200.jpg\" class=\"attachment-medium size-medium wp-image-1748\" alt=\"\" srcset=\"https:\/\/veganmess.ee\/wp-content\/uploads\/2025\/09\/20241013-_DSC5342-300x200.jpg 300w, https:\/\/veganmess.ee\/wp-content\/uploads\/2025\/09\/20241013-_DSC5342-1024x683.jpg 1024w, https:\/\/veganmess.ee\/wp-content\/uploads\/2025\/09\/20241013-_DSC5342-768x512.jpg 768w, https:\/\/veganmess.ee\/wp-content\/uploads\/2025\/09\/20241013-_DSC5342-1536x1024.jpg 1536w, https:\/\/veganmess.ee\/wp-content\/uploads\/2025\/09\/20241013-_DSC5342-2048x1365.jpg 2048w, https:\/\/veganmess.ee\/wp-content\/uploads\/2025\/09\/20241013-_DSC5342-18x12.jpg 18w\" sizes=\"(max-width: 300px) 100vw, 300px\" \/><\/div><\/a>\n\t\t\t\t<div class=\"elementor-post__text\">\n\t\t\t\t<h3 class=\"elementor-post__title\">\n\t\t\t<a href=\"https:\/\/veganmess.ee\/et\/oktoobris-toimub-kultuurikatlas-juubelihonguline-15-veganmess\/\" >\n\t\t\t\tOktoobris toimub Kultuurikatlas juubelih\u00f5nguline 15. Veganmess\t\t\t<\/a>\n\t\t<\/h3>\n\t\t\t\t<div class=\"elementor-post__excerpt\">\n\t\t\t<p>18. ja 19. oktoobril toimub Tallinna Kultuurikatlas j\u00e4rjekorras juba 15. Veganmess, kus saab tutvuda mitmek\u00fclgse valiku taimsete toodete ning vegan elustiiliga. &#8220;Ei ole olnud aktuaalsemat<\/p>\n\t\t<\/div>\n\t\t\n\t\t<a class=\"elementor-post__read-more\" href=\"https:\/\/veganmess.ee\/et\/oktoobris-toimub-kultuurikatlas-juubelihonguline-15-veganmess\/\" aria-label=\"Read more about Oktoobris toimub Kultuurikatlas juubelih\u00f5nguline 15. Veganmess\" tabindex=\"-1\" >\n\t\t\tLoe edasi \u00bb\t\t<\/a>\n\n\t\t\t\t<\/div>\n\t\t\t\t<div class=\"elementor-post__meta-data\">\n\t\t\t\t\t<span class=\"elementor-post-date\">\n\t\t\t8. sept. 2025\t\t<\/span>\n\t\t\t\t<\/div>\n\t\t\t\t\t<\/div>\n\t\t<\/article>\n\t\t\t\t<article class=\"elementor-post elementor-grid-item post-1425 post type-post status-publish format-standard has-post-thumbnail hentry category-artiklid\" role=\"listitem\">\n\t\t\t<div class=\"elementor-post__card\">\n\t\t\t\t<a class=\"elementor-post__thumbnail__link\" href=\"https:\/\/veganmess.ee\/et\/sel-nadalavahetusel-kultuurikatlas-toimuv-suur-veganmess-kutsub-ules-unistama\/\" tabindex=\"-1\" ><div class=\"elementor-post__thumbnail\"><img decoding=\"async\" width=\"300\" height=\"200\" src=\"https:\/\/veganmess.ee\/wp-content\/uploads\/2024\/09\/veganmess0710200-300x200.jpg\" class=\"attachment-medium size-medium wp-image-1269\" alt=\"Veganmess\" srcset=\"https:\/\/veganmess.ee\/wp-content\/uploads\/2024\/09\/veganmess0710200-300x200.jpg 300w, https:\/\/veganmess.ee\/wp-content\/uploads\/2024\/09\/veganmess0710200-1024x682.jpg 1024w, https:\/\/veganmess.ee\/wp-content\/uploads\/2024\/09\/veganmess0710200-768x512.jpg 768w, https:\/\/veganmess.ee\/wp-content\/uploads\/2024\/09\/veganmess0710200-263x175.jpg 263w, https:\/\/veganmess.ee\/wp-content\/uploads\/2024\/09\/veganmess0710200.jpg 1472w\" sizes=\"(max-width: 300px) 100vw, 300px\" \/><\/div><\/a>\n\t\t\t\t<div class=\"elementor-post__text\">\n\t\t\t\t<h3 class=\"elementor-post__title\">\n\t\t\t<a href=\"https:\/\/veganmess.ee\/et\/sel-nadalavahetusel-kultuurikatlas-toimuv-suur-veganmess-kutsub-ules-unistama\/\" >\n\t\t\t\tSel n\u00e4dalavahetusel Kultuurikatlas toimuv suur Veganmess kutsub \u00fcles unistama\t\t\t<\/a>\n\t\t<\/h3>\n\t\t\t\t<div class=\"elementor-post__excerpt\">\n\t\t\t<p>Sel laup\u00e4eval ja p\u00fchap\u00e4eval ehk 12. ja 13. oktoobril peetakse Tallinna Kultuurikatlas j\u00e4rjekorras juba 14. Veganmessi, kus esitletakse taimseid tooteid ning vegan elustiili. Kahel p\u00e4eval<\/p>\n\t\t<\/div>\n\t\t\n\t\t<a class=\"elementor-post__read-more\" href=\"https:\/\/veganmess.ee\/et\/sel-nadalavahetusel-kultuurikatlas-toimuv-suur-veganmess-kutsub-ules-unistama\/\" aria-label=\"Read more about Sel n\u00e4dalavahetusel Kultuurikatlas toimuv suur Veganmess kutsub \u00fcles unistama\" tabindex=\"-1\" >\n\t\t\tLoe edasi \u00bb\t\t<\/a>\n\n\t\t\t\t<\/div>\n\t\t\t\t<div class=\"elementor-post__meta-data\">\n\t\t\t\t\t<span class=\"elementor-post-date\">\n\t\t\t7. okt. 2024\t\t<\/span>\n\t\t\t\t<\/div>\n\t\t\t\t\t<\/div>\n\t\t<\/article>\n\t\t\t\t<article class=\"elementor-post elementor-grid-item post-1262 post type-post status-publish format-standard has-post-thumbnail hentry category-artiklid\" role=\"listitem\">\n\t\t\t<div class=\"elementor-post__card\">\n\t\t\t\t<a class=\"elementor-post__thumbnail__link\" href=\"https:\/\/veganmess.ee\/et\/tallinnas-peetakse-oktoobris-14-veganmessi\/\" tabindex=\"-1\" ><div class=\"elementor-post__thumbnail\"><img loading=\"lazy\" decoding=\"async\" width=\"300\" height=\"200\" src=\"https:\/\/veganmess.ee\/wp-content\/uploads\/2024\/09\/veganmess0710106-300x200.jpg\" class=\"attachment-medium size-medium wp-image-1268\" alt=\"veganmess kultuurikatel taimetoidumess\" srcset=\"https:\/\/veganmess.ee\/wp-content\/uploads\/2024\/09\/veganmess0710106-300x200.jpg 300w, https:\/\/veganmess.ee\/wp-content\/uploads\/2024\/09\/veganmess0710106-1024x682.jpg 1024w, https:\/\/veganmess.ee\/wp-content\/uploads\/2024\/09\/veganmess0710106-768x512.jpg 768w, https:\/\/veganmess.ee\/wp-content\/uploads\/2024\/09\/veganmess0710106-263x175.jpg 263w, https:\/\/veganmess.ee\/wp-content\/uploads\/2024\/09\/veganmess0710106.jpg 1472w\" sizes=\"(max-width: 300px) 100vw, 300px\" \/><\/div><\/a>\n\t\t\t\t<div class=\"elementor-post__text\">\n\t\t\t\t<h3 class=\"elementor-post__title\">\n\t\t\t<a href=\"https:\/\/veganmess.ee\/et\/tallinnas-peetakse-oktoobris-14-veganmessi\/\" >\n\t\t\t\tTallinnas peetakse oktoobris 14. Veganmessi\t\t\t<\/a>\n\t\t<\/h3>\n\t\t\t\t<div class=\"elementor-post__excerpt\">\n\t\t\t<p>12. ja 13. oktoobril toimub Tallinna Kultuurikatlas j\u00e4rjekorras juba 14. Veganmess, kus esitletakse sadu taimseid tooteid ning tutvustatakse vegan elustiili. &#8220;Veganmess on ainus \u00fcritus Eestis,<\/p>\n\t\t<\/div>\n\t\t\n\t\t<a class=\"elementor-post__read-more\" href=\"https:\/\/veganmess.ee\/et\/tallinnas-peetakse-oktoobris-14-veganmessi\/\" aria-label=\"Read more about Tallinnas peetakse oktoobris 14. Veganmessi\" tabindex=\"-1\" >\n\t\t\tLoe edasi \u00bb\t\t<\/a>\n\n\t\t\t\t<\/div>\n\t\t\t\t<div class=\"elementor-post__meta-data\">\n\t\t\t\t\t<span class=\"elementor-post-date\">\n\t\t\t4. sept. 2024\t\t<\/span>\n\t\t\t\t<\/div>\n\t\t\t\t\t<\/div>\n\t\t<\/article>\n\t\t\t\t<article class=\"elementor-post elementor-grid-item post-1194 post type-post status-publish format-standard has-post-thumbnail hentry category-artiklid\" role=\"listitem\">\n\t\t\t<div class=\"elementor-post__card\">\n\t\t\t\t<a class=\"elementor-post__thumbnail__link\" href=\"https:\/\/veganmess.ee\/et\/sel-nadalavahetusel-toimub-kultuurikatlas-13-baltimaade-vanim-veganmess\/\" tabindex=\"-1\" ><div class=\"elementor-post__thumbnail\"><img loading=\"lazy\" decoding=\"async\" width=\"300\" height=\"200\" src=\"https:\/\/veganmess.ee\/wp-content\/uploads\/2022\/10\/AERR9270-300x200.jpg\" class=\"attachment-medium size-medium wp-image-982\" alt=\"\" srcset=\"https:\/\/veganmess.ee\/wp-content\/uploads\/2022\/10\/AERR9270-300x200.jpg 300w, https:\/\/veganmess.ee\/wp-content\/uploads\/2022\/10\/AERR9270-1024x683.jpg 1024w, https:\/\/veganmess.ee\/wp-content\/uploads\/2022\/10\/AERR9270-768x512.jpg 768w, https:\/\/veganmess.ee\/wp-content\/uploads\/2022\/10\/AERR9270-1536x1024.jpg 1536w, https:\/\/veganmess.ee\/wp-content\/uploads\/2022\/10\/AERR9270-2048x1365.jpg 2048w, https:\/\/veganmess.ee\/wp-content\/uploads\/2022\/10\/AERR9270-263x175.jpg 263w\" sizes=\"(max-width: 300px) 100vw, 300px\" \/><\/div><\/a>\n\t\t\t\t<div class=\"elementor-post__text\">\n\t\t\t\t<h3 class=\"elementor-post__title\">\n\t\t\t<a href=\"https:\/\/veganmess.ee\/et\/sel-nadalavahetusel-toimub-kultuurikatlas-13-baltimaade-vanim-veganmess\/\" >\n\t\t\t\tSel n\u00e4dalavahetusel toimub Kultuurikatlas 13. Baltimaade vanim veganmess!\t\t\t<\/a>\n\t\t<\/h3>\n\t\t\t\t<div class=\"elementor-post__excerpt\">\n\t\t\t<p>Sel laup\u00e4eval ja p\u00fchap\u00e4eval, 7. ja 8. oktoobril kell 11.00-18.00 leiab Tallinna Kultuurikatlas aset j\u00e4rjekorras juba 13. veganmess, kus tutvustatakse taimseid tooteid ja vegan elustiili. <\/p>\n\t\t<\/div>\n\t\t\n\t\t<a class=\"elementor-post__read-more\" href=\"https:\/\/veganmess.ee\/et\/sel-nadalavahetusel-toimub-kultuurikatlas-13-baltimaade-vanim-veganmess\/\" aria-label=\"Read more about Sel n\u00e4dalavahetusel toimub Kultuurikatlas 13. Baltimaade vanim veganmess!\" tabindex=\"-1\" >\n\t\t\tLoe edasi \u00bb\t\t<\/a>\n\n\t\t\t\t<\/div>\n\t\t\t\t<div class=\"elementor-post__meta-data\">\n\t\t\t\t\t<span class=\"elementor-post-date\">\n\t\t\t3. okt. 2023\t\t<\/span>\n\t\t\t\t<\/div>\n\t\t\t\t\t<\/div>\n\t\t<\/article>\n\t\t\t\t<article class=\"elementor-post elementor-grid-item post-887 post type-post status-publish format-standard has-post-thumbnail hentry category-artiklid\" role=\"listitem\">\n\t\t\t<div class=\"elementor-post__card\">\n\t\t\t\t<a class=\"elementor-post__thumbnail__link\" href=\"https:\/\/veganmess.ee\/et\/laupaevast-veganmessi-kulastas-2700-inimest\/\" tabindex=\"-1\" ><div class=\"elementor-post__thumbnail\"><img loading=\"lazy\" decoding=\"async\" width=\"300\" height=\"200\" src=\"https:\/\/veganmess.ee\/wp-content\/uploads\/2022\/10\/AERR0197-300x200.jpg\" class=\"attachment-medium size-medium wp-image-889\" alt=\"\" srcset=\"https:\/\/veganmess.ee\/wp-content\/uploads\/2022\/10\/AERR0197-300x200.jpg 300w, https:\/\/veganmess.ee\/wp-content\/uploads\/2022\/10\/AERR0197-1024x683.jpg 1024w, https:\/\/veganmess.ee\/wp-content\/uploads\/2022\/10\/AERR0197-768x512.jpg 768w, https:\/\/veganmess.ee\/wp-content\/uploads\/2022\/10\/AERR0197-1536x1024.jpg 1536w, https:\/\/veganmess.ee\/wp-content\/uploads\/2022\/10\/AERR0197-2048x1365.jpg 2048w, https:\/\/veganmess.ee\/wp-content\/uploads\/2022\/10\/AERR0197-263x175.jpg 263w\" sizes=\"(max-width: 300px) 100vw, 300px\" \/><\/div><\/a>\n\t\t\t\t<div class=\"elementor-post__text\">\n\t\t\t\t<h3 class=\"elementor-post__title\">\n\t\t\t<a href=\"https:\/\/veganmess.ee\/et\/laupaevast-veganmessi-kulastas-2700-inimest\/\" >\n\t\t\t\tLaup\u00e4evast Veganmessi k\u00fclastas 2700 inimest\t\t\t<\/a>\n\t\t<\/h3>\n\t\t\t\t<div class=\"elementor-post__excerpt\">\n\t\t\t<p>Laup\u00e4eval, 22. oktoobril 2022 toimus Noblessneri valukojas j\u00e4rjekorras juba 12. veganmess, kus osales ligi 70 kauplejat ja organisatsiooni ning mida k\u00fclastas 2700 inimest Eestist ja v\u00e4lismaalt.<\/p>\n\t\t<\/div>\n\t\t\n\t\t<a class=\"elementor-post__read-more\" href=\"https:\/\/veganmess.ee\/et\/laupaevast-veganmessi-kulastas-2700-inimest\/\" aria-label=\"Read more about Laup\u00e4evast Veganmessi k\u00fclastas 2700 inimest\" tabindex=\"-1\" >\n\t\t\tLoe edasi \u00bb\t\t<\/a>\n\n\t\t\t\t<\/div>\n\t\t\t\t<div class=\"elementor-post__meta-data\">\n\t\t\t\t\t<span class=\"elementor-post-date\">\n\t\t\t24. okt. 2022\t\t<\/span>\n\t\t\t\t<\/div>\n\t\t\t\t\t<\/div>\n\t\t<\/article>\n\t\t\t\t<\/div>\n\t\t\n\t\t\t\t<div class=\"e-load-more-anchor\" data-page=\"1\" data-max-page=\"3\" data-next-page=\"https:\/\/veganmess.ee\/et\/wp-json\/wp\/v2\/pages\/2588\/page\/2\/\"><\/div>\n\t\t\t\t<nav class=\"elementor-pagination\" aria-label=\"Pagination\">\n\t\t\t<span aria-current=\"page\" class=\"page-numbers current\"><span class=\"elementor-screen-only\">Page<\/span>1<\/span>\n<a class=\"page-numbers\" href=\"https:\/\/veganmess.ee\/et\/wp-json\/wp\/v2\/pages\/2588\/page\/2\/\"><span class=\"elementor-screen-only\">Page<\/span>2<\/a>\n<a class=\"page-numbers\" href=\"https:\/\/veganmess.ee\/et\/wp-json\/wp\/v2\/pages\/2588\/page\/3\/\"><span class=\"elementor-screen-only\">Page<\/span>3<\/a>\t\t<\/nav>\n\t\t\t\t\t\t<\/div>\n\t\t\t\t<\/div>\n\t\t\t\t\t<\/div>\n\t\t\t\t<\/div>\n\t\t\t\t<\/div>\n\t\t","protected":false},"excerpt":{"rendered":"","protected":false},"author":1,"featured_media":0,"parent":0,"menu_order":0,"comment_status":"closed","ping_status":"closed","template":"","meta":{"content-type":"","footnotes":""},"class_list":["post-2588","page","type-page","status-publish","hentry"],"_links":{"self":[{"href":"https:\/\/veganmess.ee\/et\/wp-json\/wp\/v2\/pages\/2588","targetHints":{"allow":["GET"]}}],"collection":[{"href":"https:\/\/veganmess.ee\/et\/wp-json\/wp\/v2\/pages"}],"about":[{"href":"https:\/\/veganmess.ee\/et\/wp-json\/wp\/v2\/types\/page"}],"author":[{"embeddable":true,"href":"https:\/\/veganmess.ee\/et\/wp-json\/wp\/v2\/users\/1"}],"replies":[{"embeddable":true,"href":"https:\/\/veganmess.ee\/et\/wp-json\/wp\/v2\/comments?post=2588"}],"version-history":[{"count":13,"href":"https:\/\/veganmess.ee\/et\/wp-json\/wp\/v2\/pages\/2588\/revisions"}],"predecessor-version":[{"id":2601,"href":"https:\/\/veganmess.ee\/et\/wp-json\/wp\/v2\/pages\/2588\/revisions\/2601"}],"wp:attachment":[{"href":"https:\/\/veganmess.ee\/et\/wp-json\/wp\/v2\/media?parent=2588"}],"curies":[{"name":"wp","href":"https:\/\/api.w.org\/{rel}","templated":true}]}}