{"id":3523,"date":"2025-10-16T23:57:36","date_gmt":"2025-10-16T20:57:36","guid":{"rendered":"https:\/\/www.veganmess.ee\/?page_id=3523"},"modified":"2025-10-17T00:38:45","modified_gmt":"2025-10-16T21:38:45","slug":"taimetoidumess-2015-6e66pr","status":"publish","type":"page","link":"https:\/\/veganmess.ee\/et\/taimetoidumess-2015-6e66pr\/","title":{"rendered":"Taimetoidumess-2015"},"content":{"rendered":"\t\t<div data-elementor-type=\"wp-page\" data-elementor-id=\"3523\" class=\"elementor elementor-3523\" data-elementor-post-type=\"page\">\n\t\t\t\t<div class=\"elementor-element elementor-element-1ac988f e-flex e-con-boxed e-con e-parent\" data-id=\"1ac988f\" data-element_type=\"container\" data-e-type=\"container\">\n\t\t\t\t\t<div class=\"e-con-inner\">\n\t\t<div class=\"elementor-element elementor-element-6f88489 e-con-full e-flex e-con e-child\" data-id=\"6f88489\" data-element_type=\"container\" data-e-type=\"container\">\n\t\t\t\t<div class=\"elementor-element elementor-element-f287ed1 elementor-widget__width-inherit elementor-invisible elementor-widget elementor-widget-heading\" data-id=\"f287ed1\" data-element_type=\"widget\" data-e-type=\"widget\" data-settings=\"{&quot;_animation&quot;:&quot;fadeIn&quot;,&quot;_animation_delay&quot;:600}\" data-widget_type=\"heading.default\">\n\t\t\t\t\t<h1 class=\"elementor-heading-title elementor-size-default\">taimetoidumess 2015<\/h1>\t\t\t\t<\/div>\n\t\t\t\t<div class=\"elementor-element elementor-element-e2e3caf elementor-invisible elementor-widget elementor-widget-text-editor\" data-id=\"e2e3caf\" data-element_type=\"widget\" data-e-type=\"widget\" data-settings=\"{&quot;_animation&quot;:&quot;fadeIn&quot;,&quot;_animation_delay&quot;:800}\" data-widget_type=\"text-editor.default\">\n\t\t\t\t\t\t\t\t\t<p>2015. aastal t\u00e4histas Taimetoidumess oma esimest \u00fcmmargusemat s\u00fcnnip\u00e4eva ning sai 5 aastaseks. S\u00fcnnip\u00e4eva t\u00e4histamiseks muudeti tugevalt Taimetoidumessi visuaalset k\u00e4ekirja ning uueks logoks sai ka t\u00e4na Veganmessi s\u00fcmboliks olev vaal. M\u00e4rgilist \u00fcritust viidi l\u00e4bi taas Tornim\u00e4e \u00c4rikeskuse aatriumis. Messi j\u00e4rjepideva kasvamise m\u00e4rgina astus Mamo kohviku hubases nurgas \u00fcles esimene v\u00e4lisk\u00fclaline &#8211; Belgiast p\u00e4rit Veganstrateeg Tobias Leenaert.<\/p><p>Ettev\u00f5tted ja organisatsioonid vooderdasid k\u00fclg k\u00fclje k\u00f5rval asetsedes Tornim\u00e4e \u00c4rikeskuse pisemapoolse aatriumi seina\u00e4\u00e4red pea t\u00e4ielikult. Ka k\u00fclastajaid oli uudistama tulnud rohkem kui ruum v\u00f5imaldas. Sai selgeks, et edaspidi tuleb valida avaram toimumispaik.<\/p><p>Messi korraldamisest astus k\u00f5rvale Eesti Loomakaitse Selts ning korraldajatena j\u00e4tkasid Eesti Vegan Selts, MT\u00dc Loomus ja Loomade Nimel.<\/p><p>\u00a0<\/p><p><strong>Vastus rists\u00f5nale: TOBIAS LEENAERT<\/strong><\/p>\t\t\t\t\t\t\t\t<\/div>\n\t\t\t\t<div class=\"elementor-element elementor-element-f254cb1 elementor-invisible elementor-widget elementor-widget-text-editor\" data-id=\"f254cb1\" data-element_type=\"widget\" data-e-type=\"widget\" data-settings=\"{&quot;_animation&quot;:&quot;fadeIn&quot;,&quot;_animation_delay&quot;:200}\" data-widget_type=\"text-editor.default\">\n\t\t\t\t\t\t\t\t\t<p style=\"text-align: left;\"><b>Soovid v\u00f5ita 150 euro v\u00e4\u00e4rtuses vegantooteid?<\/b><\/p><ol><li style=\"text-align: left;\">V\u00f5ta infolauast Ajakiri Vegan ja otsi sealt \u00fcles Veganmessi Aaretejahi rists\u00f5na.<\/li><li style=\"text-align: left;\">Lahendused k\u00fcsimustele leiad sk\u00e4nneerides Kultuurikatla seintel ripuvatelt plakatitelt QR-koode.<\/li><li style=\"text-align: left;\">Kirjuta vastus oma kontaktandmetega rists\u00f5na allnurgas olevasse kastikesse ja rebi see v\u00e4lja.<\/li><li style=\"text-align: left;\">Postita vastus infolauas olevasse kinkekarpi.<\/li><li style=\"text-align: left;\">V\u00f5itjaga v\u00f5tame peale messi \u00fchendust.<\/li><\/ol>\t\t\t\t\t\t\t\t<\/div>\n\t\t\t\t<\/div>\n\t\t\t\t\t<\/div>\n\t\t\t\t<\/div>\n\t\t\t\t<\/div>\n\t\t","protected":false},"excerpt":{"rendered":"<p>taimetoidumess 2015 2015. aastal t\u00e4histas Taimetoidumess oma esimest \u00fcmmargusemat s\u00fcnnip\u00e4eva ning sai 5 aastaseks. S\u00fcnnip\u00e4eva t\u00e4histamiseks muudeti tugevalt Taimetoidumessi visuaalset k\u00e4ekirja ning uueks logoks sai ka t\u00e4na Veganmessi s\u00fcmboliks olev vaal. M\u00e4rgilist \u00fcritust viidi l\u00e4bi taas Tornim\u00e4e \u00c4rikeskuse aatriumis. Messi j\u00e4rjepideva kasvamise m\u00e4rgina astus Mamo kohviku hubases nurgas \u00fcles esimene v\u00e4lisk\u00fclaline &#8211; Belgiast p\u00e4rit Veganstrateeg [&hellip;]<\/p>\n","protected":false},"author":1,"featured_media":0,"parent":0,"menu_order":0,"comment_status":"closed","ping_status":"closed","template":"","meta":{"content-type":"","footnotes":""},"class_list":["post-3523","page","type-page","status-publish","hentry"],"_links":{"self":[{"href":"https:\/\/veganmess.ee\/et\/wp-json\/wp\/v2\/pages\/3523","targetHints":{"allow":["GET"]}}],"collection":[{"href":"https:\/\/veganmess.ee\/et\/wp-json\/wp\/v2\/pages"}],"about":[{"href":"https:\/\/veganmess.ee\/et\/wp-json\/wp\/v2\/types\/page"}],"author":[{"embeddable":true,"href":"https:\/\/veganmess.ee\/et\/wp-json\/wp\/v2\/users\/1"}],"replies":[{"embeddable":true,"href":"https:\/\/veganmess.ee\/et\/wp-json\/wp\/v2\/comments?post=3523"}],"version-history":[{"count":7,"href":"https:\/\/veganmess.ee\/et\/wp-json\/wp\/v2\/pages\/3523\/revisions"}],"predecessor-version":[{"id":3622,"href":"https:\/\/veganmess.ee\/et\/wp-json\/wp\/v2\/pages\/3523\/revisions\/3622"}],"wp:attachment":[{"href":"https:\/\/veganmess.ee\/et\/wp-json\/wp\/v2\/media?parent=3523"}],"curies":[{"name":"wp","href":"https:\/\/api.w.org\/{rel}","templated":true}]}}